{"id":368,"date":"2021-09-21T13:55:23","date_gmt":"2021-09-21T11:55:23","guid":{"rendered":"https:\/\/transparencia.consorcimuseus.gva.es\/?page_id=368"},"modified":"2021-09-21T15:08:58","modified_gmt":"2021-09-21T13:08:58","slug":"coste-exposiciones-2017","status":"publish","type":"page","link":"https:\/\/transparencia.consorcimuseus.gva.es\/es\/portal-de-transparencia\/informacion-economica-y-presupuestaria\/coste-exposiciones-2017\/","title":{"rendered":"Coste Exposiciones 2017"},"content":{"rendered":"<div class=\"wpb-content-wrapper\"><p>[vc_row][vc_column][vc_column_text el_class=\u00bbtxt-costes-exposiciones\u00bb]<a href=\"\/wp-content\/uploads\/docs\/portal-transparencia\/info-economica\/costes-exposiciones\/2017\/hoja-transparencia-3pintores.pdf\" target=\"_blank\" rel=\"noopener noreferrer\">\u00abDe paisatges, passejos i paisans. Porcar, Lahuerta, Varela\u00bb Museu de Belles Arts de Castell\u00f3<\/a><\/p>\n<p><a href=\"\/wp-content\/uploads\/docs\/portal-transparencia\/info-economica\/costes-exposiciones\/2017\/hoja-transparencia-valentia.pdf\" target=\"_blank\" rel=\"noopener noreferrer\">\u00abTots som Valentia\u00bb Centre del Carme de Val\u00e8ncia<\/a><\/p>\n<p><a href=\"\/wp-content\/uploads\/docs\/portal-transparencia\/info-economica\/costes-exposiciones\/2017\/hoja-transparencia-pablo-bellot.pdf\" target=\"_blank\" rel=\"noopener noreferrer\">\u00abActes de comunicaci\u00f3 de Pablo Bellot\u00bb Centre del Carme de Val\u00e8ncia<\/a><\/p>\n<p><a href=\"\/wp-content\/uploads\/docs\/portal-transparencia\/info-economica\/costes-exposiciones\/2017\/hoja-transparencia-hugo-tormo.pdf\" target=\"_blank\" rel=\"noopener noreferrer\">\u00abLa deriva d\u2019un gest postrom\u00e0ntic, de Hugo Mart\u00ednez-Tormo\u00bb Llotja del Peix d&#8217;Alacant<\/a><\/p>\n<p><a href=\"\/wp-content\/uploads\/docs\/portal-transparencia\/info-economica\/costes-exposiciones\/2017\/hoja-transparencia-valencia-capital-animal.pdf\" target=\"_blank\" rel=\"noopener noreferrer\">\u00abVal\u00e8ncia Capital Animal\u00bb Centre del Carme de Val\u00e8ncia<\/a><\/p>\n<p><a href=\"\/wp-content\/uploads\/docs\/portal-transparencia\/info-economica\/costes-exposiciones\/2017\/hoja-transparencia-arcana-imperii.pdf\" target=\"_blank\" rel=\"noopener noreferrer\">\u00abArcana Imperii\u00bb Centre del Carme de Val\u00e8ncia<\/a><\/p>\n<p><a href=\"\/wp-content\/uploads\/docs\/portal-transparencia\/info-economica\/costes-exposiciones\/2017\/hoja-transparencia-reinventar-el-possible.pdf\" target=\"_blank\" rel=\"noopener noreferrer\">\u00abReinventar el possible \/ Accionar l\u2019imaginable. Two and a half minutes\u00bb Centre del Carme de Val\u00e8ncia<\/a><\/p>\n<p><a href=\"\/wp-content\/uploads\/docs\/portal-transparencia\/info-economica\/costes-exposiciones\/2017\/hoja-transparencia-el-alma-de-las-mujeres-lunas.pdf\" target=\"_blank\" rel=\"noopener noreferrer\">\u00abL&#8217;\u00c0nima de les dones llunes\u00bb Centre del Carme de Val\u00e8ncia<\/a><\/p>\n<p><a href=\"\/wp-content\/uploads\/docs\/portal-transparencia\/info-economica\/costes-exposiciones\/2017\/hoja-transparencia-madrazo.pdf\" target=\"_blank\" rel=\"noopener noreferrer\">\u00abEl M\u00f3n dels Madrazo. Col\u00b7lecci\u00f3 de la Comunidad de Madrid\u00bb MUBAG d\u2019Alacant<\/a><\/p>\n<p><a href=\"\/wp-content\/uploads\/docs\/portal-transparencia\/info-economica\/costes-exposiciones\/2017\/hoja-transparencia-3escultores.pdf\" target=\"_blank\" rel=\"noopener noreferrer\">\u00abAdsuara, Vicent i Peresejo\u00bb Museu de Belles Arts de Castell\u00f3<\/a><\/p>\n<p>\u00abIntermedis\u00bb Centre del Carme de Val\u00e8ncia (exposici\u00f3 finan\u00e7ada por AC\/E, Acci\u00f3n Cultural Espa\u00f1ola)<\/p>\n<p><a href=\"\/wp-content\/uploads\/docs\/portal-transparencia\/info-economica\/costes-exposiciones\/2017\/hoja-transparencia-mardel-2017.pdf\" target=\"_blank\" rel=\"noopener noreferrer\">\u00abPremio mardel Artes Visuales 2017\u00bb Centre del Carme de Val\u00e8ncia<br \/>\n<\/a><\/p>\n<p><a href=\"\/wp-content\/uploads\/docs\/portal-transparencia\/info-economica\/costes-exposiciones\/2017\/hoja-transparencia-notificaciones.pdf\" target=\"_blank\" rel=\"noopener noreferrer\">\u00abNotificacions\u00bb Centre del Carme de Val\u00e8ncia<\/a><\/p>\n<p><a href=\"\/wp-content\/uploads\/docs\/portal-transparencia\/info-economica\/costes-exposiciones\/2017\/hoja-transparencia-la-deriva.pdf\" target=\"_blank\" rel=\"noopener noreferrer\">\u00abLa Deriva d&#8217;un gest postrom\u00e0ntic\u00bb Centre del Carme de Val\u00e8ncia<br \/>\n<\/a><\/p>\n<p><a href=\"\/wp-content\/uploads\/docs\/portal-transparencia\/info-economica\/costes-exposiciones\/2017\/hoja-transparencia-reinventar-el-possible.pdf\" target=\"_blank\" rel=\"noopener noreferrer\">\u00abReinventar el possible\u00bb Centre del Carme de Val\u00e8ncia<\/a><\/p>\n<p><a href=\"\/wp-content\/uploads\/docs\/portal-transparencia\/info-economica\/costes-exposiciones\/2017\/hoja-transparencia-joc.pdf\" target=\"_blank\" rel=\"noopener noreferrer\">\u00abJOC\u00bb Centre del Carme de Val\u00e8ncia<\/a><\/p>\n<p><a href=\"\/wp-content\/uploads\/docs\/portal-transparencia\/info-economica\/costes-exposiciones\/2017\/hoja-transparencia-tea.pdf\" target=\"_blank\" rel=\"noopener noreferrer\">\u00abI am your invention. Lectures de la Colecci\u00f3n TEA \u2013 Dep\u00f3sito Ord\u00f3\u00f1ez-Falc\u00f3n de Fotograf\u00eda\u00bb Centre del Carme de Val\u00e8ncia<\/a><\/p>\n<p><a href=\"\/wp-content\/uploads\/docs\/portal-transparencia\/info-economica\/costes-exposiciones\/2017\/hoja-transparencia-castejon.pdf\" target=\"_blank\" rel=\"noopener noreferrer\">\u00abJoan Castej\u00f3n retrospectiva\u00bb Fundaci\u00f3 Chirivella-Soriano de Val\u00e8ncia<\/a><\/p>\n<p><a href=\"\/wp-content\/uploads\/docs\/portal-transparencia\/info-economica\/costes-exposiciones\/2017\/hoja-transparencia-on-translation.pdf\" target=\"_blank\" rel=\"noopener noreferrer\">\u00abOn Translation\u00bb Centre del Carme de Val\u00e8ncia<\/a><\/p>\n<p><a href=\"\/wp-content\/uploads\/docs\/portal-transparencia\/info-economica\/costes-exposiciones\/2017\/hoja-transparencia-3-pecats-capitals.pdf\" target=\"_blank\" rel=\"noopener noreferrer\">\u00abProjecte 3 Pecats Capitals\u00bb Llotja del Peix d&#8217;Alacant<\/a><\/p>\n<p><a href=\"\/wp-content\/uploads\/docs\/portal-transparencia\/info-economica\/costes-exposiciones\/2017\/hoja-transparencia-goya.pdf\" target=\"_blank\" rel=\"noopener noreferrer\">\u00abGoya. Testimoni del seu temps\u00bb MUBAG d&#8217;Alacant<\/a><\/p>\n<p><a href=\"\/wp-content\/uploads\/docs\/portal-transparencia\/info-economica\/costes-exposiciones\/2017\/hoja-transparencia-discursos-premeditats.pdf\" target=\"_blank\" rel=\"noopener noreferrer\">\u00abDiscursos premeditats. Col\u00b7lecci\u00f3 Fundaci\u00f3n Caja Mediterr\u00e1neo\u00bb Centre del Carme de Val\u00e8ncia<\/a><\/p>\n<p><a href=\"\/wp-content\/uploads\/docs\/portal-transparencia\/info-economica\/costes-exposiciones\/2017\/hoja-transparencia-ignacio-pinazo.pdf\" target=\"_blank\" rel=\"noopener noreferrer\">\u00abEl nu en l&#8217;obra de Ignacio Pinazo\u00bb Museu de Belles Arts de Castell\u00f3<\/a>[\/vc_column_text][\/vc_column][\/vc_row]<\/p>\n<\/div>","protected":false},"excerpt":{"rendered":"<p>[vc_row][vc_column][vc_column_text el_class=\u00bbtxt-costes-exposiciones\u00bb]\u00abDe paisatges, passejos i paisans. Porcar, Lahuerta, Varela\u00bb Museu de Belles Arts de Castell\u00f3 \u00abTots som Valentia\u00bb Centre del Carme de Val\u00e8ncia \u00abActes de comunicaci\u00f3 de Pablo Bellot\u00bb Centre del Carme de Val\u00e8ncia \u00abLa deriva d\u2019un gest postrom\u00e0ntic, de Hugo Mart\u00ednez-Tormo\u00bb Llotja del Peix d&#8217;Alacant \u00abVal\u00e8ncia Capital Animal\u00bb Centre del Carme de Val\u00e8ncia \u00abArcana&hellip;<\/p>\n","protected":false},"author":2,"featured_media":0,"parent":59,"menu_order":0,"comment_status":"closed","ping_status":"closed","template":"","meta":{"footnotes":""},"class_list":["post-368","page","type-page","status-publish","hentry","description-off"],"yoast_head":"<!-- This site is optimized with the Yoast SEO plugin v27.3 - https:\/\/yoast.com\/product\/yoast-seo-wordpress\/ -->\n<title>Coste Exposiciones 2017 - Consorci de Museus de la Comunitat Valenciana<\/title>\n<meta name=\"robots\" content=\"index, follow, max-snippet:-1, max-image-preview:large, max-video-preview:-1\" \/>\n<link rel=\"canonical\" href=\"https:\/\/transparencia.consorcimuseus.gva.es\/es\/portal-de-transparencia\/informacion-economica-y-presupuestaria\/coste-exposiciones-2017\/\" \/>\n<meta property=\"og:locale\" content=\"es_ES\" \/>\n<meta property=\"og:type\" content=\"article\" \/>\n<meta property=\"og:title\" content=\"Coste Exposiciones 2017 - Consorci de Museus de la Comunitat Valenciana\" \/>\n<meta property=\"og:description\" content=\"[vc_row][vc_column][vc_column_text el_class=\u00bbtxt-costes-exposiciones\u00bb]\u00abDe paisatges, passejos i paisans. Porcar, Lahuerta, Varela\u00bb Museu de Belles Arts de Castell\u00f3 \u00abTots som Valentia\u00bb Centre del Carme de Val\u00e8ncia \u00abActes de comunicaci\u00f3 de Pablo Bellot\u00bb Centre del Carme de Val\u00e8ncia \u00abLa deriva d\u2019un gest postrom\u00e0ntic, de Hugo Mart\u00ednez-Tormo\u00bb Llotja del Peix d&#8217;Alacant \u00abVal\u00e8ncia Capital Animal\u00bb Centre del Carme de Val\u00e8ncia \u00abArcana&hellip;\" \/>\n<meta property=\"og:url\" content=\"https:\/\/transparencia.consorcimuseus.gva.es\/es\/portal-de-transparencia\/informacion-economica-y-presupuestaria\/coste-exposiciones-2017\/\" \/>\n<meta property=\"og:site_name\" content=\"Consorci de Museus de la Comunitat Valenciana\" \/>\n<meta property=\"article:modified_time\" content=\"2021-09-21T13:08:58+00:00\" \/>\n<meta name=\"twitter:card\" content=\"summary_large_image\" \/>\n<script type=\"application\/ld+json\" class=\"yoast-schema-graph\">{\"@context\":\"https:\\\/\\\/schema.org\",\"@graph\":[{\"@type\":\"WebPage\",\"@id\":\"https:\\\/\\\/transparencia.consorcimuseus.gva.es\\\/es\\\/portal-de-transparencia\\\/informacion-economica-y-presupuestaria\\\/coste-exposiciones-2017\\\/\",\"url\":\"https:\\\/\\\/transparencia.consorcimuseus.gva.es\\\/es\\\/portal-de-transparencia\\\/informacion-economica-y-presupuestaria\\\/coste-exposiciones-2017\\\/\",\"name\":\"Coste Exposiciones 2017 - Consorci de Museus de la Comunitat Valenciana\",\"isPartOf\":{\"@id\":\"https:\\\/\\\/transparencia.consorcimuseus.gva.es\\\/#website\"},\"datePublished\":\"2021-09-21T11:55:23+00:00\",\"dateModified\":\"2021-09-21T13:08:58+00:00\",\"breadcrumb\":{\"@id\":\"https:\\\/\\\/transparencia.consorcimuseus.gva.es\\\/es\\\/portal-de-transparencia\\\/informacion-economica-y-presupuestaria\\\/coste-exposiciones-2017\\\/#breadcrumb\"},\"inLanguage\":\"es\",\"potentialAction\":[{\"@type\":\"ReadAction\",\"target\":[\"https:\\\/\\\/transparencia.consorcimuseus.gva.es\\\/es\\\/portal-de-transparencia\\\/informacion-economica-y-presupuestaria\\\/coste-exposiciones-2017\\\/\"]}]},{\"@type\":\"BreadcrumbList\",\"@id\":\"https:\\\/\\\/transparencia.consorcimuseus.gva.es\\\/es\\\/portal-de-transparencia\\\/informacion-economica-y-presupuestaria\\\/coste-exposiciones-2017\\\/#breadcrumb\",\"itemListElement\":[{\"@type\":\"ListItem\",\"position\":1,\"name\":\"Portada\",\"item\":\"https:\\\/\\\/transparencia.consorcimuseus.gva.es\\\/es\\\/\"},{\"@type\":\"ListItem\",\"position\":2,\"name\":\"Portal de Transparencia\",\"item\":\"https:\\\/\\\/transparencia.consorcimuseus.gva.es\\\/es\\\/portal-de-transparencia\\\/\"},{\"@type\":\"ListItem\",\"position\":3,\"name\":\"Informaci\u00f3n Econ\u00f3mica y Presupuestaria\",\"item\":\"https:\\\/\\\/transparencia.consorcimuseus.gva.es\\\/es\\\/portal-de-transparencia\\\/informacion-economica-y-presupuestaria\\\/\"},{\"@type\":\"ListItem\",\"position\":4,\"name\":\"Coste Exposiciones 2017\"}]},{\"@type\":\"WebSite\",\"@id\":\"https:\\\/\\\/transparencia.consorcimuseus.gva.es\\\/#website\",\"url\":\"https:\\\/\\\/transparencia.consorcimuseus.gva.es\\\/\",\"name\":\"Consorci de Museus de la Comunitat Valenciana\",\"description\":\"\",\"publisher\":{\"@id\":\"https:\\\/\\\/transparencia.consorcimuseus.gva.es\\\/#organization\"},\"potentialAction\":[{\"@type\":\"SearchAction\",\"target\":{\"@type\":\"EntryPoint\",\"urlTemplate\":\"https:\\\/\\\/transparencia.consorcimuseus.gva.es\\\/?s={search_term_string}\"},\"query-input\":{\"@type\":\"PropertyValueSpecification\",\"valueRequired\":true,\"valueName\":\"search_term_string\"}}],\"inLanguage\":\"es\"},{\"@type\":\"Organization\",\"@id\":\"https:\\\/\\\/transparencia.consorcimuseus.gva.es\\\/#organization\",\"name\":\"Consorci de Museus de la Comunitat Valenciana\",\"url\":\"https:\\\/\\\/transparencia.consorcimuseus.gva.es\\\/\",\"logo\":{\"@type\":\"ImageObject\",\"inLanguage\":\"es\",\"@id\":\"https:\\\/\\\/transparencia.consorcimuseus.gva.es\\\/#\\\/schema\\\/logo\\\/image\\\/\",\"url\":\"https:\\\/\\\/transparencia.consorcimuseus.gva.es\\\/wp-content\\\/uploads\\\/2021\\\/04\\\/logo-consorci-museus.jpg\",\"contentUrl\":\"https:\\\/\\\/transparencia.consorcimuseus.gva.es\\\/wp-content\\\/uploads\\\/2021\\\/04\\\/logo-consorci-museus.jpg\",\"width\":122,\"height\":108,\"caption\":\"Consorci de Museus de la Comunitat Valenciana\"},\"image\":{\"@id\":\"https:\\\/\\\/transparencia.consorcimuseus.gva.es\\\/#\\\/schema\\\/logo\\\/image\\\/\"}}]}<\/script>\n<!-- \/ Yoast SEO plugin. -->","yoast_head_json":{"title":"Coste Exposiciones 2017 - Consorci de Museus de la Comunitat Valenciana","robots":{"index":"index","follow":"follow","max-snippet":"max-snippet:-1","max-image-preview":"max-image-preview:large","max-video-preview":"max-video-preview:-1"},"canonical":"https:\/\/transparencia.consorcimuseus.gva.es\/es\/portal-de-transparencia\/informacion-economica-y-presupuestaria\/coste-exposiciones-2017\/","og_locale":"es_ES","og_type":"article","og_title":"Coste Exposiciones 2017 - Consorci de Museus de la Comunitat Valenciana","og_description":"[vc_row][vc_column][vc_column_text el_class=\u00bbtxt-costes-exposiciones\u00bb]\u00abDe paisatges, passejos i paisans. Porcar, Lahuerta, Varela\u00bb Museu de Belles Arts de Castell\u00f3 \u00abTots som Valentia\u00bb Centre del Carme de Val\u00e8ncia \u00abActes de comunicaci\u00f3 de Pablo Bellot\u00bb Centre del Carme de Val\u00e8ncia \u00abLa deriva d\u2019un gest postrom\u00e0ntic, de Hugo Mart\u00ednez-Tormo\u00bb Llotja del Peix d&#8217;Alacant \u00abVal\u00e8ncia Capital Animal\u00bb Centre del Carme de Val\u00e8ncia \u00abArcana&hellip;","og_url":"https:\/\/transparencia.consorcimuseus.gva.es\/es\/portal-de-transparencia\/informacion-economica-y-presupuestaria\/coste-exposiciones-2017\/","og_site_name":"Consorci de Museus de la Comunitat Valenciana","article_modified_time":"2021-09-21T13:08:58+00:00","twitter_card":"summary_large_image","schema":{"@context":"https:\/\/schema.org","@graph":[{"@type":"WebPage","@id":"https:\/\/transparencia.consorcimuseus.gva.es\/es\/portal-de-transparencia\/informacion-economica-y-presupuestaria\/coste-exposiciones-2017\/","url":"https:\/\/transparencia.consorcimuseus.gva.es\/es\/portal-de-transparencia\/informacion-economica-y-presupuestaria\/coste-exposiciones-2017\/","name":"Coste Exposiciones 2017 - Consorci de Museus de la Comunitat Valenciana","isPartOf":{"@id":"https:\/\/transparencia.consorcimuseus.gva.es\/#website"},"datePublished":"2021-09-21T11:55:23+00:00","dateModified":"2021-09-21T13:08:58+00:00","breadcrumb":{"@id":"https:\/\/transparencia.consorcimuseus.gva.es\/es\/portal-de-transparencia\/informacion-economica-y-presupuestaria\/coste-exposiciones-2017\/#breadcrumb"},"inLanguage":"es","potentialAction":[{"@type":"ReadAction","target":["https:\/\/transparencia.consorcimuseus.gva.es\/es\/portal-de-transparencia\/informacion-economica-y-presupuestaria\/coste-exposiciones-2017\/"]}]},{"@type":"BreadcrumbList","@id":"https:\/\/transparencia.consorcimuseus.gva.es\/es\/portal-de-transparencia\/informacion-economica-y-presupuestaria\/coste-exposiciones-2017\/#breadcrumb","itemListElement":[{"@type":"ListItem","position":1,"name":"Portada","item":"https:\/\/transparencia.consorcimuseus.gva.es\/es\/"},{"@type":"ListItem","position":2,"name":"Portal de Transparencia","item":"https:\/\/transparencia.consorcimuseus.gva.es\/es\/portal-de-transparencia\/"},{"@type":"ListItem","position":3,"name":"Informaci\u00f3n Econ\u00f3mica y Presupuestaria","item":"https:\/\/transparencia.consorcimuseus.gva.es\/es\/portal-de-transparencia\/informacion-economica-y-presupuestaria\/"},{"@type":"ListItem","position":4,"name":"Coste Exposiciones 2017"}]},{"@type":"WebSite","@id":"https:\/\/transparencia.consorcimuseus.gva.es\/#website","url":"https:\/\/transparencia.consorcimuseus.gva.es\/","name":"Consorci de Museus de la Comunitat Valenciana","description":"","publisher":{"@id":"https:\/\/transparencia.consorcimuseus.gva.es\/#organization"},"potentialAction":[{"@type":"SearchAction","target":{"@type":"EntryPoint","urlTemplate":"https:\/\/transparencia.consorcimuseus.gva.es\/?s={search_term_string}"},"query-input":{"@type":"PropertyValueSpecification","valueRequired":true,"valueName":"search_term_string"}}],"inLanguage":"es"},{"@type":"Organization","@id":"https:\/\/transparencia.consorcimuseus.gva.es\/#organization","name":"Consorci de Museus de la Comunitat Valenciana","url":"https:\/\/transparencia.consorcimuseus.gva.es\/","logo":{"@type":"ImageObject","inLanguage":"es","@id":"https:\/\/transparencia.consorcimuseus.gva.es\/#\/schema\/logo\/image\/","url":"https:\/\/transparencia.consorcimuseus.gva.es\/wp-content\/uploads\/2021\/04\/logo-consorci-museus.jpg","contentUrl":"https:\/\/transparencia.consorcimuseus.gva.es\/wp-content\/uploads\/2021\/04\/logo-consorci-museus.jpg","width":122,"height":108,"caption":"Consorci de Museus de la Comunitat Valenciana"},"image":{"@id":"https:\/\/transparencia.consorcimuseus.gva.es\/#\/schema\/logo\/image\/"}}]}},"_links":{"self":[{"href":"https:\/\/transparencia.consorcimuseus.gva.es\/es\/wp-json\/wp\/v2\/pages\/368","targetHints":{"allow":["GET"]}}],"collection":[{"href":"https:\/\/transparencia.consorcimuseus.gva.es\/es\/wp-json\/wp\/v2\/pages"}],"about":[{"href":"https:\/\/transparencia.consorcimuseus.gva.es\/es\/wp-json\/wp\/v2\/types\/page"}],"author":[{"embeddable":true,"href":"https:\/\/transparencia.consorcimuseus.gva.es\/es\/wp-json\/wp\/v2\/users\/2"}],"replies":[{"embeddable":true,"href":"https:\/\/transparencia.consorcimuseus.gva.es\/es\/wp-json\/wp\/v2\/comments?post=368"}],"version-history":[{"count":0,"href":"https:\/\/transparencia.consorcimuseus.gva.es\/es\/wp-json\/wp\/v2\/pages\/368\/revisions"}],"up":[{"embeddable":true,"href":"https:\/\/transparencia.consorcimuseus.gva.es\/es\/wp-json\/wp\/v2\/pages\/59"}],"wp:attachment":[{"href":"https:\/\/transparencia.consorcimuseus.gva.es\/es\/wp-json\/wp\/v2\/media?parent=368"}],"curies":[{"name":"wp","href":"https:\/\/api.w.org\/{rel}","templated":true}]}}